{"id":288,"date":"2026-03-05T13:40:09","date_gmt":"2026-03-05T13:40:09","guid":{"rendered":"https:\/\/aci-lac.aero\/conference2026\/?page_id=288"},"modified":"2026-08-17T18:15:42","modified_gmt":"2026-08-17T18:15:42","slug":"programa","status":"publish","type":"page","link":"https:\/\/aci-lac.aero\/conference2026\/es\/programa\/","title":{"rendered":"Programa"},"content":{"rendered":"\t\t<div data-elementor-type=\"wp-page\" data-elementor-id=\"288\" class=\"elementor elementor-288\" data-elementor-post-type=\"page\">\n\t\t\t\t<a class=\"elementor-element elementor-element-7a5c8bd e-flex e-con-boxed e-con e-parent\" data-id=\"7a5c8bd\" data-element_type=\"container\" data-e-type=\"container\" data-settings=\"{&quot;background_background&quot;:&quot;classic&quot;}\" href=\"https:\/\/dimark.eu\/\">\n\t\t\t\t\t<div class=\"e-con-inner\">\n\t\t\t\t<div class=\"elementor-element elementor-element-05316f2 elementor-widget elementor-widget-heading\" data-id=\"05316f2\" data-element_type=\"widget\" data-e-type=\"widget\" data-widget_type=\"heading.default\">\n\t\t\t\t\t<h2 class=\"elementor-heading-title elementor-size-default\">PROGRAMA<\/h2>\t\t\t\t<\/div>\n\t\t\t\t\t<\/div>\n\t\t\t\t<\/a>\n\t\t<div class=\"elementor-element elementor-element-d2fb7ff e-grid e-con-boxed e-con e-parent\" data-id=\"d2fb7ff\" data-element_type=\"container\" data-e-type=\"container\">\n\t\t\t\t\t<div class=\"e-con-inner\">\n\t\t\t\t<div class=\"elementor-element elementor-element-aaa063a elementor-widget elementor-widget-shortcode\" data-id=\"aaa063a\" data-element_type=\"widget\" data-e-type=\"widget\" data-widget_type=\"shortcode.default\">\n\t\t\t\t\t\t\t<div class=\"elementor-shortcode\">\n<link href=\"https:\/\/cdn.jsdelivr.net\/npm\/bootstrap@5.3.3\/dist\/css\/bootstrap.min.css\" rel=\"stylesheet\">\n\n<script src=\"https:\/\/kit.fontawesome.com\/290cb9518e.js\" crossorigin=\"anonymous\"><\/script>\n<script src=\"https:\/\/code.jquery.com\/jquery-3.1.1.js\"><\/script>\n\n<style>\n    table td {\n        background-color: white !important;\n        border: 1px solid white !important;\n        border-bottom: 1px solid #eee !important;\n        padding: 10px !important;\n    }\n    .nav-pills .nav-link {\n        color: #111!important;\n        border: 1px solid #648E6D!important;\n    }\n    .nav-pills .nav-link.active {\n        color: white!important; background-color: #648E6D!important;\n    }\n    .nav-pills .nav-link:hover {\n        color: white!important; background-color: #648E6D!important;\n    }\n    .ice-agenda-wrapper {\n        max-width: 900px;\n        margin: 0 auto;\n    }\n\n<\/style>\n\n<div class=\"row ice-agenda-wrapper\">\n    <ul class=\"nav nav-pills mb-3 justify-content-center\" id=\"pills-tab\" role=\"tablist\">\n        <li class=\"nav-item\" role=\"presentation\">\n                                                    <button class=\"nav-link active\" id=\"pills-day25-tab\" \n                                                        data-bs-toggle=\"pill\" data-bs-target=\"#pills-day25\" \n                                                        type=\"button\" role=\"tab\" aria-controls=\"pills-day25\" \n                                                        aria-selected=\"true\">FRI, Sept 25<\/button>\n                                                  <\/li>&nbsp;<li class=\"nav-item\" role=\"presentation\">\n                                                    <button class=\"nav-link \" id=\"pills-day26-tab\" \n                                                        data-bs-toggle=\"pill\" data-bs-target=\"#pills-day26\" \n                                                        type=\"button\" role=\"tab\" aria-controls=\"pills-day26\" \n                                                        aria-selected=\"true\">SAT, Sept 26<\/button>\n                                                  <\/li>&nbsp;<li class=\"nav-item\" role=\"presentation\">\n                                                    <button class=\"nav-link \" id=\"pills-day27-tab\" \n                                                        data-bs-toggle=\"pill\" data-bs-target=\"#pills-day27\" \n                                                        type=\"button\" role=\"tab\" aria-controls=\"pills-day27\" \n                                                        aria-selected=\"true\">SUN, Sept 27<\/button>\n                                                  <\/li>&nbsp;<li class=\"nav-item\" role=\"presentation\">\n                                                    <button class=\"nav-link \" id=\"pills-day28-tab\" \n                                                        data-bs-toggle=\"pill\" data-bs-target=\"#pills-day28\" \n                                                        type=\"button\" role=\"tab\" aria-controls=\"pills-day28\" \n                                                        aria-selected=\"true\">MON, Sept 28<\/button>\n                                                  <\/li>&nbsp;<li class=\"nav-item\" role=\"presentation\">\n                                                    <button class=\"nav-link \" id=\"pills-day29-tab\" \n                                                        data-bs-toggle=\"pill\" data-bs-target=\"#pills-day29\" \n                                                        type=\"button\" role=\"tab\" aria-controls=\"pills-day29\" \n                                                        aria-selected=\"true\">TUE, Sept 29<\/button>\n                                                  <\/li>&nbsp;<li class=\"nav-item\" role=\"presentation\">\n                                                    <button class=\"nav-link \" id=\"pills-day30-tab\" \n                                                        data-bs-toggle=\"pill\" data-bs-target=\"#pills-day30\" \n                                                        type=\"button\" role=\"tab\" aria-controls=\"pills-day30\" \n                                                        aria-selected=\"true\">WED, Sept 30<\/button>\n                                                  <\/li>&nbsp;\n    <\/ul>\n    <div class=\"tab-content\" id=\"pills-tabContent\">\n        <div class=\"tab-pane fade show active\" id=\"pills-day25\" role=\"tabpanel\" aria-labelledby=\"pills-day25-tab\" tabindex=\"0\">\n                                            <table class=\"table table-bordered align-middle\"><tbody>\n                                                <tr><td colspan=\"2\" class=\"text-center py-3 text-uppercase\" style=\"background-color: #f8f9fa; color: #000000; font-weight: 600;\">PRE CONFERENCE<\/td><\/tr>\n                                                <tr>\n                                                                                <td style=\"width: 200px;\" class=\"text-secondary\">08:00 - 09:30<\/td>\n                                                                                <td><span style=\"font-weight: 500;\">38th ACI World Audit (WAC) Committee Meeting <\/span><br\/><i>By invitation only <\/i><br\/><span class=\"badge\" style=\"background-color: #f1eef9; color: #6f3fa0; font-weight: 500;\"><i class=\"fas fa-map-marker-alt\"><\/i> Cusco 2 &amp; 3 <\/span><\/td>\n                                                                            <\/tr><tr>\n                                                                                <td style=\"width: 200px;\" class=\"text-secondary\">09:30 - 10:00<\/td>\n                                                                                <td><span style=\"font-weight: 500;\">Coffee Break<\/span><br\/><span class=\"badge\" style=\"background-color: #f1eef9; color: #6f3fa0; font-weight: 500;\"><i class=\"fas fa-map-marker-alt\"><\/i> Cusco 2 &amp; 3<\/span><\/td>\n                                                                            <\/tr><tr>\n                                                                                <td style=\"width: 200px;\" class=\"text-secondary\">10:00 - 13:00<\/td>\n                                                                                <td><span style=\"font-weight: 500;\">138th ACI World Executive Committee (WEC) Meeting<\/span><br\/><i>ACI World Executive Committee members only<\/i><br\/><span class=\"badge\" style=\"background-color: #f1eef9; color: #6f3fa0; font-weight: 500;\"><i class=\"fas fa-map-marker-alt\"><\/i> Cusco 2 &amp; 3<\/span><\/td>\n                                                                            <\/tr><tr>\n                                                                                <td style=\"width: 200px;\" class=\"text-secondary\">13:00 - 14:00<\/td>\n                                                                                <td><span style=\"font-weight: 500;\">Lunch<\/span><br\/><i>By invitation only<\/i><br\/><span class=\"badge\" style=\"background-color: #f1eef9; color: #6f3fa0; font-weight: 500;\"><i class=\"fas fa-map-marker-alt\"><\/i> Urubamba &amp; Arequipa <\/span><\/td>\n                                                                            <\/tr><tr>\n                                                                                <td style=\"width: 200px;\" class=\"text-secondary\">14:00 - 15:30<\/td>\n                                                                                <td><span style=\"font-weight: 500;\">ACI Fund Council Meeting<\/span><br\/><i>By invitation only<\/i><br\/><span class=\"badge\" style=\"background-color: #f1eef9; color: #6f3fa0; font-weight: 500;\"><i class=\"fas fa-map-marker-alt\"><\/i> Cusco 2 &amp; 3<\/span><\/td>\n                                                                            <\/tr>\n                                            <\/tbody><\/table>\n                                        <\/div><div class=\"tab-pane fade \" id=\"pills-day26\" role=\"tabpanel\" aria-labelledby=\"pills-day26-tab\" tabindex=\"0\">\n                                            <table class=\"table table-bordered align-middle\"><tbody>\n                                                <tr><td colspan=\"2\" class=\"text-center py-3 text-uppercase\" style=\"background-color: #f8f9fa; color: #000000; font-weight: 600;\">PRE CONFERENCE<\/td><\/tr>\n                                                <tr>\n                                                                                <td style=\"width: 200px;\" class=\"text-secondary\">09:00 - 18:00<\/td>\n                                                                                <td><span style=\"font-weight: 500;\">ACI World Governing Board (WGB) Meeting<\/span><br\/><i>ACI World Governing Board members only<\/i><br\/><span class=\"badge\" style=\"background-color: #f1eef9; color: #6f3fa0; font-weight: 500;\"><i class=\"fas fa-map-marker-alt\"><\/i> Cusco 1, 2 &amp; 3<\/span><\/td>\n                                                                            <\/tr><tr>\n                                                                                <td style=\"width: 200px;\" class=\"text-secondary\">12:45 - 14:00<\/td>\n                                                                                <td><span style=\"font-weight: 500;\">ACI LAC\/ World Governing Board (WGB) Lunch<\/span><br\/><span class=\"badge\" style=\"background-color: #f1eef9; color: #6f3fa0; font-weight: 500;\"><i class=\"fas fa-map-marker-alt\"><\/i> Urubamba &amp; Arequipa <\/span><\/td>\n                                                                            <\/tr><tr>\n                                                                                <td style=\"width: 200px;\" class=\"text-secondary\">13:00 - 18:00<\/td>\n                                                                                <td><span style=\"font-weight: 500;\">Registration Area - 4th Floor<\/span><br\/><span class=\"badge\" style=\"background-color: #f1eef9; color: #6f3fa0; font-weight: 500;\"><i class=\"fas fa-map-marker-alt\"><\/i> Cusco Prefuction<\/span><\/td>\n                                                                            <\/tr><tr>\n                                                                                <td style=\"width: 200px;\" class=\"text-secondary\">19:00 - 22:00<\/td>\n                                                                                <td><span style=\"font-weight: 500;\">ACI LAC\/ World Governing Board (WGB) Dinner hosted by Lima Airport<\/span><br\/><i>By invitation only<\/i><br\/><span class=\"badge\" style=\"background-color: #f1eef9; color: #6f3fa0; font-weight: 500;\"><i class=\"fas fa-map-marker-alt\"><\/i> Astrid &amp; Gast\u00f3n<\/span><\/td>\n                                                                            <\/tr>\n                                            <\/tbody><\/table>\n                                        <\/div><div class=\"tab-pane fade \" id=\"pills-day27\" role=\"tabpanel\" aria-labelledby=\"pills-day27-tab\" tabindex=\"0\">\n                                            <table class=\"table table-bordered align-middle\"><tbody>\n                                                <tr><td colspan=\"2\" class=\"text-center py-3 text-uppercase\" style=\"background-color: #f8f9fa; color: #000000; font-weight: 600;\">PRE CONFERENCE<\/td><\/tr>\n                                                <tr>\n                                                                                <td style=\"width: 200px;\" class=\"text-secondary\">08:00 - 09:00<\/td>\n                                                                                <td><span style=\"font-weight: 500;\">ACI LAC Executive Committee Meeting<\/span><br\/><i>ACI LAC Executive Committee members only<\/i><br\/><span class=\"badge\" style=\"background-color: #f1eef9; color: #6f3fa0; font-weight: 500;\"><i class=\"fas fa-map-marker-alt\"><\/i> Arequipa<\/span><\/td>\n                                                                            <\/tr><tr>\n                                                                                <td style=\"width: 200px;\" class=\"text-secondary\">09:00 - 11:00<\/td>\n                                                                                <td><span style=\"font-weight: 500;\">Registration Area - 4th Floor<\/span><br\/><span class=\"badge\" style=\"background-color: #f1eef9; color: #6f3fa0; font-weight: 500;\"><i class=\"fas fa-map-marker-alt\"><\/i> Cusco Prefuction<\/span><\/td>\n                                                                            <\/tr><tr>\n                                                                                <td style=\"width: 200px;\" class=\"text-secondary\">09:30 - 13:00<\/td>\n                                                                                <td><span style=\"font-weight: 500;\">ACI LAC Board Meeting<\/span><br\/><i>By invitation only<\/i><br\/><span class=\"badge\" style=\"background-color: #f1eef9; color: #6f3fa0; font-weight: 500;\"><i class=\"fas fa-map-marker-alt\"><\/i> Cusco 2 &amp; 3<\/span><\/td>\n                                                                            <\/tr><tr>\n                                                                                <td style=\"width: 200px;\" class=\"text-secondary\">13:00 - 14:00<\/td>\n                                                                                <td><span style=\"font-weight: 500;\">ACI LAC Board Lunch<\/span><br\/><i>By invitation only<\/i><br\/><span class=\"badge\" style=\"background-color: #f1eef9; color: #6f3fa0; font-weight: 500;\"><i class=\"fas fa-map-marker-alt\"><\/i> Cusco 1<\/span><\/td>\n                                                                            <\/tr><tr>\n                                                                                <td style=\"width: 200px;\" class=\"text-secondary\">13:00 - 18:00<\/td>\n                                                                                <td><span style=\"font-weight: 500;\">Registration Area<\/span><br\/><span class=\"badge\" style=\"background-color: #f1eef9; color: #6f3fa0; font-weight: 500;\"><i class=\"fas fa-map-marker-alt\"><\/i> Limatambo Prefunction<\/span><\/td>\n                                                                            <\/tr><tr>\n                                                                                <td style=\"width: 200px;\" class=\"text-secondary\">14:00 - 18:00<\/td>\n                                                                                <td><span style=\"font-weight: 500;\">Press Workshop + Airport Visit<\/span><br\/><i>MEDIA only<\/i><br\/><span class=\"badge\" style=\"background-color: #f1eef9; color: #6f3fa0; font-weight: 500;\"><i class=\"fas fa-map-marker-alt\"><\/i> Cusco 2 &amp; 3<\/span><\/td>\n                                                                            <\/tr><tr>\n                                                                                <td style=\"width: 200px;\" class=\"text-secondary\">14:30 - 16:00<\/td>\n                                                                                <td><span style=\"font-weight: 500;\">One to One Business Meetings with ACI-LAC World Business Partners (WBPs)<\/span><br\/><span class=\"badge\" style=\"background-color: #f1eef9; color: #6f3fa0; font-weight: 500;\"><i class=\"fas fa-map-marker-alt\"><\/i> Limatambo 4 &amp; 5<\/span><\/td>\n                                                                            <\/tr><tr>\n                                                                                <td style=\"width: 200px;\" class=\"text-secondary\">18:00 - 20:00<\/td>\n                                                                                <td><span style=\"font-weight: 500;\">Exhibition Opening & Welcome Cocktail Reception<\/span><br\/><span class=\"badge\" style=\"background-color: #f1eef9; color: #6f3fa0; font-weight: 500;\"><i class=\"fas fa-map-marker-alt\"><\/i> Limatambo 3 &amp; Foyer<\/span><\/td>\n                                                                            <\/tr><tr>\n                                                                                <td style=\"width: 200px;\" class=\"text-secondary\">19:30 - 21:30<\/td>\n                                                                                <td><span style=\"font-weight: 500;\">ACI-LAC Member Airport Directors Dinner<\/span><br\/><i>By invitation only<\/i><br\/><span class=\"badge\" style=\"background-color: #f1eef9; color: #6f3fa0; font-weight: 500;\"><i class=\"fas fa-map-marker-alt\"><\/i> Maras Westin<\/span><\/td>\n                                                                            <\/tr>\n                                            <\/tbody><\/table>\n                                        <\/div><div class=\"tab-pane fade \" id=\"pills-day28\" role=\"tabpanel\" aria-labelledby=\"pills-day28-tab\" tabindex=\"0\">\n                                            <table class=\"table table-bordered align-middle\"><tbody>\n                                                <tr><td colspan=\"2\" class=\"text-center py-3 text-uppercase\" style=\"background-color: #f8f9fa; color: #000000; font-weight: 600;\">CONFERENCE - DAY 1<\/td><\/tr>\n                                                <tr>\n                                                                                <td style=\"width: 200px;\" class=\"text-secondary\">07:30 - 17:00<\/td>\n                                                                                <td><span style=\"font-weight: 500;\">Registration Area<\/span><br\/><span class=\"badge\" style=\"background-color: #f1eef9; color: #6f3fa0; font-weight: 500;\"><i class=\"fas fa-map-marker-alt\"><\/i> Limatambo Prefunction<\/span><\/td>\n                                                                            <\/tr><tr>\n                                                                                <td style=\"width: 200px;\" class=\"text-secondary\">07:45 - 08:45<\/td>\n                                                                                <td><span style=\"font-weight: 500;\">Women in Airports Breakfast <\/span><br\/><i>Limited space available<\/i><br\/><span class=\"badge\" style=\"background-color: #f1eef9; color: #6f3fa0; font-weight: 500;\"><i class=\"fas fa-map-marker-alt\"><\/i> Limatambo 1<\/span><\/td>\n                                                                            <\/tr><tr>\n                                                                                <td style=\"width: 200px;\" class=\"text-secondary\">09:00 - 09:30<\/td>\n                                                                                <td><span style=\"font-weight: 500;\">Opening Ceremony & Welcome Remarks<\/span><br\/>Juan Jos\u00e9 Salm\u00f3n - President of ACI-LAC & CEO of Lima Airport<br \/>\r\nJost Lammers - President of ACI World and CEO of Munich Airport<br \/>\r\n<br\/><span class=\"badge\" style=\"background-color: #f1eef9; color: #6f3fa0; font-weight: 500;\"><i class=\"fas fa-map-marker-alt\"><\/i> Limatambo 1<\/span><\/td>\n                                                                            <\/tr><tr>\n                                                                                <td style=\"width: 200px;\" class=\"text-secondary\">09:30 - 10:00<\/td>\n                                                                                <td><span style=\"font-weight: 500;\">Breaking the Fidelity Cycle: Why Strategic Thinking Matters Most When Success Feels Certain<\/span><br\/>Diego Montenegro - CEO - Psicodelia Consulting<br\/><span class=\"badge\" style=\"background-color: #f1eef9; color: #6f3fa0; font-weight: 500;\"><i class=\"fas fa-map-marker-alt\"><\/i> Limatambo<\/span><\/td>\n                                                                            <\/tr><tr>\n                                                                                <td style=\"width: 200px;\" class=\"text-secondary\">10:00 - 10:30<\/td>\n                                                                                <td><span style=\"font-weight: 500;\">State of the Industry - Global & Regional Perspectives<\/span><br\/>- Justin Erbacci, Director General, ACI World<br \/>\r\n- Rafael Echevarne, Director General ACI LAC<br \/>\r\n<br\/><span class=\"badge\" style=\"background-color: #f1eef9; color: #6f3fa0; font-weight: 500;\"><i class=\"fas fa-map-marker-alt\"><\/i> Limatambo<\/span><\/td>\n                                                                            <\/tr><tr>\n                                                                                <td style=\"width: 200px;\" class=\"text-secondary\">10:30 - 11:00<\/td>\n                                                                                <td><span style=\"font-weight: 500;\">Networking Coffee Break<\/span><br\/><span class=\"badge\" style=\"background-color: #f1eef9; color: #6f3fa0; font-weight: 500;\"><i class=\"fas fa-map-marker-alt\"><\/i> TBC<\/span><\/td>\n                                                                            <\/tr><tr>\n                                                                                <td style=\"width: 200px;\" class=\"text-secondary\">11:00 - 11:15<\/td>\n                                                                                <td><span style=\"font-weight: 500;\">New Paradigm of the Aviation Sector, how to keep Aviation safe on a changing world<\/span><br\/>- Maria Rueda, Director Safety Management, Sustainability and Global Outreach, EASA <br\/><span class=\"badge\" style=\"background-color: #f1eef9; color: #6f3fa0; font-weight: 500;\"><i class=\"fas fa-map-marker-alt\"><\/i> Limatambo<\/span><\/td>\n                                                                            <\/tr><tr>\n                                                                                <td style=\"width: 200px;\" class=\"text-secondary\">11:15 - 12:00<\/td>\n                                                                                <td><span style=\"font-weight: 500;\">Airports: Gateways to Tourism and Regional Development<\/span><br\/>- Anne Graham, University of Westminster<br \/>\r\n- Mart\u00edn Zazueta - Airport Director - GAP<br \/>\r\n<br\/><span class=\"badge\" style=\"background-color: #f1eef9; color: #6f3fa0; font-weight: 500;\"><i class=\"fas fa-map-marker-alt\"><\/i> Limatambo<\/span><\/td>\n                                                                            <\/tr><tr>\n                                                                                <td style=\"width: 200px;\" class=\"text-secondary\">12:00 - 12:15<\/td>\n                                                                                <td><span style=\"font-weight: 500;\">State of Air Connectivity<\/span><br\/>Jaume Adrover, CEO, GPA<br\/><span class=\"badge\" style=\"background-color: #f1eef9; color: #6f3fa0; font-weight: 500;\"><i class=\"fas fa-map-marker-alt\"><\/i> Limatambo<\/span><\/td>\n                                                                            <\/tr><tr>\n                                                                                <td style=\"width: 200px;\" class=\"text-secondary\">12:15 - 13:00<\/td>\n                                                                                <td><span style=\"font-weight: 500;\">Smart Airport Investments: National Strategies for the Future<\/span><br\/>Moderator:  Eliseo Llamazares, Head of Aviation, KPMG<br \/>\r\n- Tiago Faierstein, Presidente, ANAC Brasil<br \/>\r\n- Javier Mar\u00edn, Executive Vice Chairman, AENA<br \/>\r\n- Evans Avenda\u00f1o, CEO, Aeropuertos del Per\u00fa<br \/>\r\n- Aiman Fawzi Arab, Chairman & Chief Executive Officer, Egyptian Holding Company for Airport and Air Navigation (EHCAAN)<br \/>\r\n- Hern\u00e1n Gomez, Subsecretario, Ministerio de Econom\u00eda Argentina <br\/><span class=\"badge\" style=\"background-color: #f1eef9; color: #6f3fa0; font-weight: 500;\"><i class=\"fas fa-map-marker-alt\"><\/i> Limatambo<\/span><\/td>\n                                                                            <\/tr><tr>\n                                                                                <td style=\"width: 200px;\" class=\"text-secondary\">13:00 - 14:30<\/td>\n                                                                                <td><span style=\"font-weight: 500;\">Networking Lunch<\/span><br\/><span class=\"badge\" style=\"background-color: #f1eef9; color: #6f3fa0; font-weight: 500;\"><i class=\"fas fa-map-marker-alt\"><\/i> Limatambo 1 &amp; 2<\/span><\/td>\n                                                                            <\/tr><tr>\n                                                                                <td style=\"width: 200px;\" class=\"text-secondary\">13:00 - 13:45<\/td>\n                                                                                <td><span style=\"font-weight: 500;\">Innaugural Press Conference<\/span><br\/><span class=\"badge\" style=\"background-color: #f1eef9; color: #6f3fa0; font-weight: 500;\"><i class=\"fas fa-map-marker-alt\"><\/i> Cusco 3<\/span><\/td>\n                                                                            <\/tr><tr>\n                                                                                <td style=\"width: 200px;\" class=\"text-secondary\">13:45 - 14:30<\/td>\n                                                                                <td><span style=\"font-weight: 500;\">SITA Press Conference<\/span><br\/><span class=\"badge\" style=\"background-color: #f1eef9; color: #6f3fa0; font-weight: 500;\"><i class=\"fas fa-map-marker-alt\"><\/i> Cusco 3<\/span><\/td>\n                                                                            <\/tr><tr>\n                                                                                <td style=\"width: 200px;\" class=\"text-secondary\">14:30 - 15:15<\/td>\n                                                                                <td><span style=\"font-weight: 500;\">Airport CEOs Panel<\/span><br\/>Moderator:  Esther Kromhout, Managing Director, NACO <br \/>\r\n- Juan Jos\u00e9 Salm\u00f3n, CEO, Lima Airport Partners <br \/>\r\n- Fabrice Grondin, Director, A\u00e9roport de La R\u00e9union Roland Garros, La reuni\u00f3n <br \/>\r\n- Lorie Argus, CEO, Australia Pacific Airports Corporation<br \/>\r\n- Jost Lammers, CEO, Flughafen M\u00fcnchen GmbH, Germany - WGB Chair <br \/>\r\n- Cindy Nichol, CEO Sacramento County Department of Airports, - ACI North America Chair <br\/><span class=\"badge\" style=\"background-color: #f1eef9; color: #6f3fa0; font-weight: 500;\"><i class=\"fas fa-map-marker-alt\"><\/i> Limatambo<\/span><\/td>\n                                                                            <\/tr><tr>\n                                                                                <td style=\"width: 200px;\" class=\"text-secondary\">15:15 - 15:30<\/td>\n                                                                                <td><span style=\"font-weight: 500;\">Networking Coffee Break<\/span><br\/><span class=\"badge\" style=\"background-color: #f1eef9; color: #6f3fa0; font-weight: 500;\"><i class=\"fas fa-map-marker-alt\"><\/i> TBC<\/span><\/td>\n                                                                            <\/tr><tr>\n                                                                                <td style=\"width: 200px;\" class=\"text-secondary\">15:30 - 17:30<\/td>\n                                                                                <td><span style=\"font-weight: 500;\">Wine and Cheese at Exhbition Area<\/span><br\/><span class=\"badge\" style=\"background-color: #f1eef9; color: #6f3fa0; font-weight: 500;\"><i class=\"fas fa-map-marker-alt\"><\/i> Limatambo 3 + Foyer<\/span><\/td>\n                                                                            <\/tr><tr>\n                                                                                <td style=\"width: 200px;\" class=\"text-secondary\">15:30 - 16:30<\/td>\n                                                                                <td><span style=\"font-weight: 500;\">ACI LAC Annual General Assembly<\/span><br\/><span class=\"badge\" style=\"background-color: #f1eef9; color: #6f3fa0; font-weight: 500;\"><i class=\"fas fa-map-marker-alt\"><\/i> TBC<\/span><\/td>\n                                                                            <\/tr><tr>\n                                                                                <td style=\"width: 200px;\" class=\"text-secondary\">16:30 - 17:30<\/td>\n                                                                                <td><span style=\"font-weight: 500;\">ACI World Annual General Assembly<\/span><br\/><span class=\"badge\" style=\"background-color: #f1eef9; color: #6f3fa0; font-weight: 500;\"><i class=\"fas fa-map-marker-alt\"><\/i> TBC<\/span><\/td>\n                                                                            <\/tr><tr>\n                                                                                <td style=\"width: 200px;\" class=\"text-secondary\">19:30 - 22:00<\/td>\n                                                                                <td><span style=\"font-weight: 500;\">WAGA Official Reception<\/span><br\/><i>Hosted by Lima Airport<\/i><br\/><span class=\"badge\" style=\"background-color: #f1eef9; color: #6f3fa0; font-weight: 500;\"><i class=\"fas fa-map-marker-alt\"><\/i> Limatambo 1 &amp; 2<\/span><\/td>\n                                                                            <\/tr>\n                                            <\/tbody><\/table>\n                                        <\/div><div class=\"tab-pane fade \" id=\"pills-day29\" role=\"tabpanel\" aria-labelledby=\"pills-day29-tab\" tabindex=\"0\">\n                                            <table class=\"table table-bordered align-middle\"><tbody>\n                                                <tr><td colspan=\"2\" class=\"text-center py-3 text-uppercase\" style=\"background-color: #f8f9fa; color: #000000; font-weight: 600;\">CONFERENCE - DAY 2<\/td><\/tr>\n                                                <tr>\n                                                                                <td style=\"width: 200px;\" class=\"text-secondary\">08:00 - 08:45<\/td>\n                                                                                <td><span style=\"font-weight: 500;\"><b>WBP Breakfast & Airport CEOs Panel<\/b> <i>(By invitation only)<\/i><\/span><br\/>- Basil Binns, Deputy Director, MIA Airport<br \/>\r\n- Cyril Gadot, CEO, Aerodom<br \/>\r\n<br\/><span class=\"badge\" style=\"background-color: #f1eef9; color: #6f3fa0; font-weight: 500;\"><i class=\"fas fa-map-marker-alt\"><\/i> Limatambo 1<\/span><\/td>\n                                                                            <\/tr><tr>\n                                                                                <td style=\"width: 200px;\" class=\"text-secondary\">09:00 - 09:15<\/td>\n                                                                                <td><span style=\"font-weight: 500;\">Geopolitics and Aviation: Navigating Global Shifts <\/span><br\/>- Sarah Birke, Bureau Chief for Mexico, Central America & The Caribbean, The Economist<br\/><span class=\"badge\" style=\"background-color: #f1eef9; color: #6f3fa0; font-weight: 500;\"><i class=\"fas fa-map-marker-alt\"><\/i> Limatambo<\/span><\/td>\n                                                                            <\/tr><tr>\n                                                                                <td style=\"width: 200px;\" class=\"text-secondary\">09:15 - 10:00<\/td>\n                                                                                <td><span style=\"font-weight: 500;\">Airports and the City: Strategic Integration through Community Engagement and  Logistics<\/span><br\/>- Jorge Gutierrez de Velasco, CEO,  Quer\u00e9taro International Airport <br \/>\r\n- Aletta von Massenbach, CEO, Berl\u00edn Brandenburg Airport<br \/>\r\n<br\/><span class=\"badge\" style=\"background-color: #f1eef9; color: #6f3fa0; font-weight: 500;\"><i class=\"fas fa-map-marker-alt\"><\/i> Limatambo<\/span><\/td>\n                                                                            <\/tr><tr>\n                                                                                <td style=\"width: 200px;\" class=\"text-secondary\">10:00 - 10:30<\/td>\n                                                                                <td><span style=\"font-weight: 500;\">Networking Coffee Break<\/span><br\/><span class=\"badge\" style=\"background-color: #f1eef9; color: #6f3fa0; font-weight: 500;\"><i class=\"fas fa-map-marker-alt\"><\/i> TBC<\/span><\/td>\n                                                                            <\/tr><tr>\n                                                                                <td style=\"width: 200px;\" class=\"text-secondary\">10:30 - 11:15<\/td>\n                                                                                <td><span style=\"font-weight: 500;\">Key role that the airport will play in enabling scalable AAM ecosystems<\/span><br\/>- Eduardo Coll, CEO, Leadin Aviation<br \/>\r\n- Roberto Honorato \u2013 ANAC Brasil<br \/>\r\n- Luiz Renato Mauad, Vice President of Customer Services, EVE<br \/>\r\n- Rogerio Prado, CEO, Pax Aeroportos<br \/>\r\n- Calogero Giammusso, Head of infrastructures & Operations, UrbanV<br\/><span class=\"badge\" style=\"background-color: #f1eef9; color: #6f3fa0; font-weight: 500;\"><i class=\"fas fa-map-marker-alt\"><\/i> Limatambo 4 &amp; 5<\/span><\/td>\n                                                                            <\/tr><tr>\n                                                                                <td style=\"width: 200px;\" class=\"text-secondary\">11:15 - 11:45<\/td>\n                                                                                <td><span style=\"font-weight: 500;\">Optimizing Airspace & Airport Operations <\/span><br\/>- Joan Rojas, Managing Partner, ALG<br \/>\r\n- Javier Vanegas, Director General, CANSO<br \/>\r\n<br\/><span class=\"badge\" style=\"background-color: #f1eef9; color: #6f3fa0; font-weight: 500;\"><i class=\"fas fa-map-marker-alt\"><\/i> Limatambo<\/span><\/td>\n                                                                            <\/tr><tr>\n                                                                                <td style=\"width: 200px;\" class=\"text-secondary\">11:45 - 12:30<\/td>\n                                                                                <td><span style=\"font-weight: 500;\">The Future of Airport Non-Aeronautical Business and Customer Experience<\/span><br\/>Moderator: Slava Cheglatonyev, Vice President, Airports as Business, ACI-World <br \/>\r\n- Adriana Echandi, CEO, Morpho Travel Experience<br \/>\r\n- Javier CAGIGA, CEO, LAGARDERE <br \/>\r\n- Norbert Onkelbach, CCO, Lima Airport Partners<br \/>\r\n- Sammy Patel,  Vice President, Commercial, Vantage Group<br\/><span class=\"badge\" style=\"background-color: #f1eef9; color: #6f3fa0; font-weight: 500;\"><i class=\"fas fa-map-marker-alt\"><\/i> Limatambo<\/span><\/td>\n                                                                            <\/tr><tr>\n                                                                                <td style=\"width: 200px;\" class=\"text-secondary\">12:30 - 12:45<\/td>\n                                                                                <td><span style=\"font-weight: 500;\">Ramp Control \u2013 The Lima Airport Case<\/span><br\/>- Andreas P\u00f6tzsch , Managing Director of DFS Aviation Services<br\/><span class=\"badge\" style=\"background-color: #f1eef9; color: #6f3fa0; font-weight: 500;\"><i class=\"fas fa-map-marker-alt\"><\/i> Limatambo<\/span><\/td>\n                                                                            <\/tr><tr>\n                                                                                <td style=\"width: 200px;\" class=\"text-secondary\">12:45 - 14:00<\/td>\n                                                                                <td><span style=\"font-weight: 500;\">Networking Lunch at the exhibition area<\/span><br\/><span class=\"badge\" style=\"background-color: #f1eef9; color: #6f3fa0; font-weight: 500;\"><i class=\"fas fa-map-marker-alt\"><\/i> Limatambo 3 &amp; Limatambo Prefunction<\/span><\/td>\n                                                                            <\/tr><tr>\n                                                                                <td style=\"width: 200px;\" class=\"text-secondary\">14:00 - 14:15<\/td>\n                                                                                <td><span style=\"font-weight: 500;\">Impact of Digital Transformation on Airports<\/span><br\/>Su Jayaraman, Westminster University<br\/><span class=\"badge\" style=\"background-color: #f1eef9; color: #6f3fa0; font-weight: 500;\"><i class=\"fas fa-map-marker-alt\"><\/i> Limatambo<\/span><\/td>\n                                                                            <\/tr><tr>\n                                                                                <td style=\"width: 200px;\" class=\"text-secondary\">14:15 - 15:00<\/td>\n                                                                                <td><span style=\"font-weight: 500;\">The role of the private sector in airport development. <\/span><br\/>- Ezequiel Barrenechea, President , TAGSA<br \/>\r\n- Deborah Flint, President & CEO, GTAA<br \/>\r\n- Ricardo Gesse, CEO, Zurich Airport Brasil<br \/>\r\n- Javier Garc\u00eda Bejos, CEO, Aeropuertos Mexicanos <br\/><span class=\"badge\" style=\"background-color: #f1eef9; color: #6f3fa0; font-weight: 500;\"><i class=\"fas fa-map-marker-alt\"><\/i> Limatambo<\/span><\/td>\n                                                                            <\/tr><tr>\n                                                                                <td style=\"width: 200px;\" class=\"text-secondary\">15:00 - 15:45<\/td>\n                                                                                <td><span style=\"font-weight: 500;\">Energy transition: A strategic imperative to strengthen airports decarbonization and resilience. <\/span><br\/>- Angela Mar\u00eda Orozco, Senior Vice President of Corporate Affairs, Avianca, <br \/>\r\n- Arturo Barreira, President of Latin America and the Caribbean, Airbus<br \/>\r\n- Humberto Suarez, Business Development Coordinator, ASA<br\/><span class=\"badge\" style=\"background-color: #f1eef9; color: #6f3fa0; font-weight: 500;\"><i class=\"fas fa-map-marker-alt\"><\/i> Limatambo 4 &amp; 5<\/span><\/td>\n                                                                            <\/tr><tr>\n                                                                                <td style=\"width: 200px;\" class=\"text-secondary\">15:45 - 16:00<\/td>\n                                                                                <td><span style=\"font-weight: 500;\">APEX Ceremony<\/span><br\/><span class=\"badge\" style=\"background-color: #f1eef9; color: #6f3fa0; font-weight: 500;\"><i class=\"fas fa-map-marker-alt\"><\/i> Limatambo<\/span><\/td>\n                                                                            <\/tr><tr>\n                                                                                <td style=\"width: 200px;\" class=\"text-secondary\">16:00 - 16:20<\/td>\n                                                                                <td><span style=\"font-weight: 500;\">Closing Ceremony: Handover & Raffle<\/span><br\/><span class=\"badge\" style=\"background-color: #f1eef9; color: #6f3fa0; font-weight: 500;\"><i class=\"fas fa-map-marker-alt\"><\/i> Limatambo<\/span><\/td>\n                                                                            <\/tr>\n                                            <\/tbody><\/table>\n                                        <\/div><div class=\"tab-pane fade \" id=\"pills-day30\" role=\"tabpanel\" aria-labelledby=\"pills-day30-tab\" tabindex=\"0\">\n                                            <table class=\"table table-bordered align-middle\"><tbody>\n                                                <tr><td colspan=\"2\" class=\"text-center py-3 text-uppercase\" style=\"background-color: #f8f9fa; color: #000000; font-weight: 600;\">AIR TRANSPORT SUMMIT<\/td><\/tr>\n                                                <tr>\n                                                                                <td style=\"width: 200px;\" class=\"text-secondary\">09:00 - 16:00<\/td>\n                                                                                <td><span style=\"font-weight: 500;\"><b>Workshop 1 - Fundamentals of Airport Charges Calculation <\/b><\/span><br\/><br \/>\r\nThis practical course examines models of economic oversight and the technical methods used to calculate airport charges under different models. It draws on international guidance from ICAO and ACI.<br \/>\r\n<br \/>\r\n Participants will learn how to:<br \/>\r\n<br \/>\r\n- Apply the building-block approach, including operating expenditure, depreciation, the Regulatory Asset Base (RAB) and the weighted average cost of capital (WACC), to determine an airport\u2019s required aeronautical revenue.<br \/>\r\n- Use traffic forecasts for business planning and setting airport charges.<br \/>\r\n- Allocate costs across airport services, calculate yield per passenger and design individual tariffs.<br \/>\r\n- Compare single-till, dual-till and hybrid-till frameworks and assess their financial and regulatory implications from different stakeholder perspectives.<br \/>\r\n<br \/>\r\nRegional and global case studies, industry data and class discussions will reinforce these concepts and illustrate their practical application.<br\/><span class=\"badge\" style=\"background-color: #f1eef9; color: #6f3fa0; font-weight: 500;\"><i class=\"fas fa-map-marker-alt\"><\/i> Chincha<\/span><\/td>\n                                                                            <\/tr><tr>\n                                                                                <td style=\"width: 200px;\" class=\"text-secondary\">09:00 - 16:00<\/td>\n                                                                                <td><span style=\"font-weight: 500;\"><b>Workshop 2 - Airport Slots<\/b><\/span><br\/><span class=\"badge\" style=\"background-color: #f1eef9; color: #6f3fa0; font-weight: 500;\"><i class=\"fas fa-map-marker-alt\"><\/i> ICA<\/span><\/td>\n                                                                            <\/tr><tr>\n                                                                                <td style=\"width: 200px;\" class=\"text-secondary\">09:00 - 13:00<\/td>\n                                                                                <td><span style=\"font-weight: 500;\"><b>Air Transport Summit ACI-LAC\/ICAO\/LACAC (CLAC) - <\/b><i>Strategic discussions - Shaping the Future of Aviation in LAC<\/i><\/span><br\/>(09:00 - 09:20) Apertura: DGAC Per\u00fa, OACI SAM, CLAC y ACI-LAC<br \/>\r\n<br \/>\r\n(09:20 - 10:00) Conectividad \/ Liberalizaci\u00f3n \/ Desregulaci\u00f3n<br \/>\r\nModerator: Jaime Binder - Hern\u00e1n Gomez, Argentina \/ Acuerdo ALAS \/ SAC Brasil<br \/>\r\n<br \/>\r\n(10:00 - 10:45) Seguridad Operacional \/ Compliance<br \/>\r\nModerator: Julio Siu - EASA \/ FAA \/ CAA Honduras<br \/>\r\n<br \/>\r\n(10:45 - 11:15) Coffee Break<br \/>\r\n<br \/>\r\n(11:15 - 12:00) Facilitaci\u00f3n de Pasajeros + Tecnolog\u00eda<br \/>\r\nModerator: ICAO - TSA (OSS) \/ CBP (Preclearance) \/ ECCA (OSS)<br \/>\r\n<br \/>\r\n(12:00 - 12:40) Airport Economics (Charges, Carga, Airport Cities, Slots)<br \/>\r\nACI World<br \/>\r\n<br \/>\r\n(12:40 - 12:50) Firma MoU UNITAR - ACI LAC<br \/>\r\n<br \/>\r\n(12:50 - 13:00) Clausura: DGAC Per\u00fa, OACI SAM y ACI-LAC<br \/>\r\n<br \/>\r\n<br><b>Peru Leads A Regional Initiative On Air Connectivity<\/b><br \/>\r\nThe DGAC Peru is promoting a regional cooperation initiative to strengthen decentralized air connectivity, regulatory innovation and airport capacity across Latin America and the Caribbean. The initiative will be discussed during the Air Transport Summit, with participating authorities expected to consider a Declaration of Cooperation on September 30 in Lima.<br \/>\r\n<br \/>\r\n<br \/>\r\n<a href=#elementor-action:action=popup:open&settings=eyJpZCI6IjE3NDAiLCJ0b2dnbGUiOmZhbHNlfQ== style=display:inline-block;padding-top:8px;padding-right:16px;padding-bottom:8px;padding-left:16px;margin-top:6px;margin-right:8px;background-color:#1b4332;color:#ffffff;border-radius:4px;text-decoration:none;font-weight:700;font-size:14px; class=show-en-only>Learn more<\/a><br \/>\r\n<a href=#elementor-action:action=popup:open&settings=eyJpZCI6IjE3NzAiLCJ0b2dnbGUiOmZhbHNlfQ== style=display:inline-block;padding-top:8px;padding-right:16px;padding-bottom:8px;padding-left:16px;margin-top:6px;margin-right:8px;background-color:#1b4332;color:#ffffff;border-radius:4px;text-decoration:none;font-weight:700;font-size:14px; class=show-es-only>Learn more<\/a><br \/>\r\n<a href=#elementor-action:action=popup:open&settings=eyJpZCI6IjE3NzIiLCJ0b2dnbGUiOmZhbHNlfQ== style=display:inline-block;padding-top:8px;padding-right:16px;padding-bottom:8px;padding-left:16px;margin-top:6px;margin-right:8px;background-color:#1b4332;color:#ffffff;border-radius:4px;text-decoration:none;font-weight:700;font-size:14px; class=show-en-only>M\u00e1s informaci\u00f3n<\/a><br \/>\r\n<a href=#elementor-action:action=popup:open&settings=eyJpZCI6IjE3NjAiLCJ0b2dnbGUiOmZhbHNlfQ== style=display:inline-block;padding-top:8px;padding-right:16px;padding-bottom:8px;padding-left:16px;margin-top:6px;margin-right:8px;background-color:#1b4332;color:#ffffff;border-radius:4px;text-decoration:none;font-weight:700;font-size:14px; class=show-es-only>M\u00e1s informaci\u00f3n<\/a><br \/>\r\n<br\/><span class=\"badge\" style=\"background-color: #f1eef9; color: #6f3fa0; font-weight: 500;\"><i class=\"fas fa-map-marker-alt\"><\/i> Cusco 1, 2 &amp; 3<\/span><\/td>\n                                                                            <\/tr>\n                                            <\/tbody><\/table>\n                                        <\/div>\n    <\/div>\n\n<\/div>\n\n<script src=\"https:\/\/cdn.jsdelivr.net\/npm\/@popperjs\/core@2.11.6\/dist\/umd\/popper.min.js\" integrity=\"sha384-oBqDVmMz9ATKxIep9tiCxS\/Z9fNfEXiDAYTujMAeBAsjFuCZSmKbSSUnQlmh\/jp3\" crossorigin=\"anonymous\"><\/script>\n<script src=\"https:\/\/cdn.jsdelivr.net\/npm\/bootstrap@5.3.0-alpha2\/dist\/js\/bootstrap.min.js\" integrity=\"sha384-heAjqF+bCxXpCWLa6Zhcp4fu20XoNIA98ecBC1YkdXhszjoejr5y9Q77hIrv8R9i\" crossorigin=\"anonymous\"><\/script>\n<\/div>\n\t\t\t\t\t\t<\/div>\n\t\t\t\t\t<\/div>\n\t\t\t\t<\/div>\n\t\t\t\t<\/div>\n\t\t","protected":false},"excerpt":{"rendered":"<p>PROGRAMA<\/p>\n","protected":false},"author":1,"featured_media":0,"parent":0,"menu_order":0,"comment_status":"closed","ping_status":"closed","template":"","meta":{"footnotes":""},"class_list":["post-288","page","type-page","status-publish","hentry"],"_links":{"self":[{"href":"https:\/\/aci-lac.aero\/conference2026\/wp-json\/wp\/v2\/pages\/288","targetHints":{"allow":["GET"]}}],"collection":[{"href":"https:\/\/aci-lac.aero\/conference2026\/wp-json\/wp\/v2\/pages"}],"about":[{"href":"https:\/\/aci-lac.aero\/conference2026\/wp-json\/wp\/v2\/types\/page"}],"author":[{"embeddable":true,"href":"https:\/\/aci-lac.aero\/conference2026\/wp-json\/wp\/v2\/users\/1"}],"replies":[{"embeddable":true,"href":"https:\/\/aci-lac.aero\/conference2026\/wp-json\/wp\/v2\/comments?post=288"}],"version-history":[{"count":34,"href":"https:\/\/aci-lac.aero\/conference2026\/wp-json\/wp\/v2\/pages\/288\/revisions"}],"predecessor-version":[{"id":1555,"href":"https:\/\/aci-lac.aero\/conference2026\/wp-json\/wp\/v2\/pages\/288\/revisions\/1555"}],"wp:attachment":[{"href":"https:\/\/aci-lac.aero\/conference2026\/wp-json\/wp\/v2\/media?parent=288"}],"curies":[{"name":"wp","href":"https:\/\/api.w.org\/{rel}","templated":true}]}}